{"id":294,"date":"2024-02-28T21:56:11","date_gmt":"2024-02-28T21:56:11","guid":{"rendered":"http:\/\/galilaea-kirche.de\/?page_id=2"},"modified":"2026-03-15T13:57:50","modified_gmt":"2026-03-15T12:57:50","slug":"sample-page","status":"publish","type":"page","link":"https:\/\/galilaea-kirche.de\/en\/","title":{"rendered":"Home"},"content":{"rendered":"\t\t<div data-elementor-type=\"wp-page\" data-elementor-id=\"294\" class=\"elementor elementor-294\" data-elementor-post-type=\"page\">\n\t\t\t\t<div class=\"elementor-element elementor-element-5b3516b e-flex e-con-boxed e-con e-parent\" data-id=\"5b3516b\" data-element_type=\"container\" data-e-type=\"container\">\n\t\t\t\t\t<div class=\"e-con-inner\">\n\t\t<div class=\"elementor-element elementor-element-43a2e4c e-con-full e-flex e-con e-child\" data-id=\"43a2e4c\" data-element_type=\"container\" data-e-type=\"container\">\n\t\t\t\t<div class=\"elementor-element elementor-element-5743e46 elementor-widget elementor-widget-image\" data-id=\"5743e46\" data-element_type=\"widget\" data-e-type=\"widget\" data-settings=\"{&quot;motion_fx_motion_fx_scrolling&quot;:&quot;yes&quot;,&quot;motion_fx_blur_effect&quot;:&quot;yes&quot;,&quot;motion_fx_blur_level&quot;:{&quot;unit&quot;:&quot;px&quot;,&quot;size&quot;:1,&quot;sizes&quot;:[]},&quot;_animation&quot;:&quot;none&quot;,&quot;motion_fx_blur_direction&quot;:&quot;out-in&quot;,&quot;motion_fx_blur_range&quot;:{&quot;unit&quot;:&quot;%&quot;,&quot;size&quot;:&quot;&quot;,&quot;sizes&quot;:{&quot;start&quot;:20,&quot;end&quot;:80}},&quot;motion_fx_devices&quot;:[&quot;desktop&quot;,&quot;tablet&quot;,&quot;mobile&quot;]}\" data-widget_type=\"image.default\">\n\t\t\t\t<div class=\"elementor-widget-container\">\n\t\t\t\t\t\t\t\t\t\t\t\t\t\t\t<img fetchpriority=\"high\" decoding=\"async\" width=\"1921\" height=\"2560\" src=\"https:\/\/galilaea-kirche.de\/wp-content\/uploads\/2025\/02\/Galilaeakirche_Altar_und_Orgel_1910-scaled.jpeg\" class=\"attachment-full size-full wp-image-2224\" alt=\"\" srcset=\"https:\/\/galilaea-kirche.de\/wp-content\/uploads\/2025\/02\/Galilaeakirche_Altar_und_Orgel_1910-scaled.jpeg 1921w, https:\/\/galilaea-kirche.de\/wp-content\/uploads\/2025\/02\/Galilaeakirche_Altar_und_Orgel_1910-225x300.jpeg 225w, https:\/\/galilaea-kirche.de\/wp-content\/uploads\/2025\/02\/Galilaeakirche_Altar_und_Orgel_1910-768x1024.jpeg 768w, https:\/\/galilaea-kirche.de\/wp-content\/uploads\/2025\/02\/Galilaeakirche_Altar_und_Orgel_1910-1152x1536.jpeg 1152w, https:\/\/galilaea-kirche.de\/wp-content\/uploads\/2025\/02\/Galilaeakirche_Altar_und_Orgel_1910-1537x2048.jpeg 1537w\" sizes=\"(max-width: 1921px) 100vw, 1921px\" title=\"\">\t\t\t\t\t\t\t\t\t\t\t\t\t\t\t<\/div>\n\t\t\t\t<\/div>\n\t\t\t\t<\/div>\n\t\t<div class=\"elementor-element elementor-element-3c3d284 e-con-full e-flex e-con e-child\" data-id=\"3c3d284\" data-element_type=\"container\" data-e-type=\"container\">\n\t\t\t\t<div class=\"elementor-element elementor-element-6cc3185 elementor-widget elementor-widget-text-editor\" data-id=\"6cc3185\" data-element_type=\"widget\" data-e-type=\"widget\" data-widget_type=\"text-editor.default\">\n\t\t\t\t<div class=\"elementor-widget-container\">\n\t\t\t\t\t\t\t\t\t<p>Die Galil\u00e4akirche ist ein unabh\u00e4ngiger Veranstaltungsort f\u00fcr Musik, Film, Literatur, Performance und andere k\u00fcnstlerische Aktivit\u00e4ten sowie f\u00fcr soziale und nachbarschaftliche Initiativen.\u00a0<\/p><p>Hier befindet sich auch das Jugend-Widerstandsmuseum, das derzeit wiederer\u00f6ffnet wird. Dar\u00fcber hinaus stellen wir K\u00fcnstler:innen und Projekten unsere Infrastruktur f\u00fcr Proben, Aufnahmen und Ausstellungen zur Verf\u00fcgung.<\/p>\t\t\t\t\t\t\t\t<\/div>\n\t\t\t\t<\/div>\n\t\t\t\t<div class=\"elementor-element elementor-element-9a1b59e elementor-widget elementor-widget-heading\" data-id=\"9a1b59e\" data-element_type=\"widget\" data-e-type=\"widget\" data-widget_type=\"heading.default\">\n\t\t\t\t<div class=\"elementor-widget-container\">\n\t\t\t\t\t<h2 class=\"elementor-heading-title elementor-size-default\">Newsletter<\/h2>\t\t\t\t<\/div>\n\t\t\t\t<\/div>\n\t\t\t\t<div class=\"elementor-element elementor-element-4bb3253 elementor-widget elementor-widget-text-editor\" data-id=\"4bb3253\" data-element_type=\"widget\" data-e-type=\"widget\" data-widget_type=\"text-editor.default\">\n\t\t\t\t<div class=\"elementor-widget-container\">\n\t\t\t\t\t\t\t\t\t<p>Abonniere unser Programm als Newsletter.<\/p>\t\t\t\t\t\t\t\t<\/div>\n\t\t\t\t<\/div>\n\t\t\t\t<div class=\"elementor-element elementor-element-9c47e28 elementor-button-align-stretch elementor-widget elementor-widget-form\" data-id=\"9c47e28\" data-element_type=\"widget\" data-e-type=\"widget\" data-settings=\"{&quot;step_next_label&quot;:&quot;N\\u00e4chster&quot;,&quot;step_previous_label&quot;:&quot;Voriger&quot;,&quot;button_width&quot;:&quot;100&quot;,&quot;step_type&quot;:&quot;number_text&quot;,&quot;step_icon_shape&quot;:&quot;circle&quot;}\" data-widget_type=\"form.default\">\n\t\t\t\t<div class=\"elementor-widget-container\">\n\t\t\t\t\t\t\t<form class=\"elementor-form\" method=\"post\" name=\"Neues Formular\" aria-label=\"Neues Formular\">\n\t\t\t<input type=\"hidden\" name=\"post_id\" value=\"294\"\/>\n\t\t\t<input type=\"hidden\" name=\"form_id\" value=\"9c47e28\"\/>\n\t\t\t<input type=\"hidden\" name=\"referer_title\" value=\"\" \/>\n\n\t\t\t\n\t\t\t<div class=\"elementor-form-fields-wrapper elementor-labels-above\">\n\t\t\t\t\t\t\t\t<div class=\"elementor-field-type-text elementor-field-group elementor-column elementor-field-group-name elementor-col-100\">\n\t\t\t\t\t\t\t\t\t\t\t\t<label for=\"form-field-name\" class=\"elementor-field-label\">\n\t\t\t\t\t\t\t\tName\t\t\t\t\t\t\t<\/label>\n\t\t\t\t\t\t\t\t\t\t\t\t\t\t<input size=\"1\" type=\"text\" name=\"form_fields[name]\" id=\"form-field-name\" class=\"elementor-field elementor-size-md  elementor-field-textual\" placeholder=\"Name\">\n\t\t\t\t\t\t\t\t\t\t\t<\/div>\n\t\t\t\t\t\t\t\t<div class=\"elementor-field-type-email elementor-field-group elementor-column elementor-field-group-email elementor-col-100 elementor-field-required\">\n\t\t\t\t\t\t\t\t\t\t\t\t<label for=\"form-field-email\" class=\"elementor-field-label\">\n\t\t\t\t\t\t\t\tE-Mail-Adresse\t\t\t\t\t\t\t<\/label>\n\t\t\t\t\t\t\t\t\t\t\t\t\t\t<input size=\"1\" type=\"email\" name=\"form_fields[email]\" id=\"form-field-email\" class=\"elementor-field elementor-size-md  elementor-field-textual\" placeholder=\"E-Mail-Adresse\" required=\"required\">\n\t\t\t\t\t\t\t\t\t\t\t<\/div>\n\t\t\t\t\t\t\t\t<div class=\"elementor-field-type-acceptance elementor-field-group elementor-column elementor-field-group-field_2c826bb elementor-col-100 elementor-field-required\">\n\t\t\t\t\t\t\t<div class=\"elementor-field-subgroup\">\n\t\t\t<span class=\"elementor-field-option\">\n\t\t\t\t<input type=\"checkbox\" name=\"form_fields[field_2c826bb]\" id=\"form-field-field_2c826bb\" class=\"elementor-field elementor-size-md  elementor-acceptance-field\" required=\"required\">\n\t\t\t\t<label for=\"form-field-field_2c826bb\"><span class=\"smaller-text\">Ich habe die  <a href=\"\/datenschutz\" target=\"_blank\" style=\"text-decoration:underline\">Datenschutzerkl\u00e4rung<\/a> gelesen und stimme der Verarbeitung meiner personenbezogenen Daten f\u00fcr den Versand des Newsletters zu.<\/span><\/label>\t\t\t<\/span>\n\t\t<\/div>\n\t\t\t\t\t\t<\/div>\n\t\t\t\t\t\t\t\t<div class=\"elementor-field-type-text\">\n\t\t\t\t\t<input size=\"1\" type=\"text\" name=\"form_fields[field_38cc7f9]\" id=\"form-field-field_38cc7f9\" class=\"elementor-field elementor-size-md \" style=\"display:none !important;\">\t\t\t\t<\/div>\n\t\t\t\t\t\t\t\t<div class=\"elementor-field-group elementor-column elementor-field-type-submit elementor-col-100 e-form__buttons\">\n\t\t\t\t\t<button class=\"elementor-button elementor-size-sm\" type=\"submit\">\n\t\t\t\t\t\t<span class=\"elementor-button-content-wrapper\">\n\t\t\t\t\t\t\t\t\t\t\t\t\t\t\t\t\t\t\t\t\t\t<span class=\"elementor-button-text\">Eintragen<\/span>\n\t\t\t\t\t\t\t\t\t\t\t\t\t<\/span>\n\t\t\t\t\t<\/button>\n\t\t\t\t<\/div>\n\t\t\t<\/div>\n\t\t<\/form>\n\t\t\t\t\t\t<\/div>\n\t\t\t\t<\/div>\n\t\t\t\t<\/div>\n\t\t\t\t\t<\/div>\n\t\t\t\t<\/div>\n\t\t<div class=\"elementor-element elementor-element-0983c77 e-flex e-con-boxed e-con e-parent\" data-id=\"0983c77\" data-element_type=\"container\" data-e-type=\"container\">\n\t\t\t\t\t<div class=\"e-con-inner\">\n\t\t\t\t<div class=\"elementor-element elementor-element-28a11d1 elementor-widget elementor-widget-spacer\" data-id=\"28a11d1\" data-element_type=\"widget\" data-e-type=\"widget\" data-widget_type=\"spacer.default\">\n\t\t\t\t<div class=\"elementor-widget-container\">\n\t\t\t\t\t\t\t<div class=\"elementor-spacer\">\n\t\t\t<div class=\"elementor-spacer-inner\"><\/div>\n\t\t<\/div>\n\t\t\t\t\t\t<\/div>\n\t\t\t\t<\/div>\n\t\t\t\t<div class=\"elementor-element elementor-element-28d658b elementor-widget__width-auto elementor-widget elementor-widget-heading\" data-id=\"28d658b\" data-element_type=\"widget\" data-e-type=\"widget\" data-widget_type=\"heading.default\">\n\t\t\t\t<div class=\"elementor-widget-container\">\n\t\t\t\t\t<h2 class=\"elementor-heading-title elementor-size-default\">N\u00e4chste Veranstaltungen<\/h2>\t\t\t\t<\/div>\n\t\t\t\t<\/div>\n\t\t\t\t\t<\/div>\n\t\t\t\t<\/div>\n\t\t<div class=\"elementor-element elementor-element-7601098 e-flex e-con-boxed e-con e-parent\" data-id=\"7601098\" data-element_type=\"container\" data-e-type=\"container\">\n\t\t\t\t\t<div class=\"e-con-inner\">\n\t\t\t\t<div class=\"elementor-element elementor-element-94d9d57 elementor-widget elementor-widget-shortcode\" data-id=\"94d9d57\" data-element_type=\"widget\" data-e-type=\"widget\" data-widget_type=\"shortcode.default\">\n\t\t\t\t<div class=\"elementor-widget-container\">\n\t\t\t\t\t\t\t<div class=\"elementor-shortcode\"><div id=\"vsel\" class=\"vsel-shortcode vsel-shortcode-upcoming-events event-post-boxes\"><div id=\"event-3833\" class=\"vsel-content konzert vsel-upcoming vsel-future\"><div class=\"vsel-meta vsel-alignleft\" style=\"width:36%;\"><h3 class=\"vsel-meta-title\"><a href=\"https:\/\/galilaea-kirche.de\/en\/event\/panoptikum\/\" rel=\"bookmark\" title=\"Panoptikum\">Panoptikum<\/a><\/h3><div class=\"vsel-meta-date vsel-meta-single-date\"><span>Fri 01.05.26<\/span><\/div><div class=\"vsel-meta-time\"><span>Beginn: 19:00 Uhr<\/span><\/div><div class=\"vsel-meta-cats\"><span><a href=\"https:\/\/galilaea-kirche.de\/en\/event_cat\/konzert\/\" rel=\"tag\">Konzert<\/a><\/span><\/div><\/div><div class=\"vsel-info vsel-alignright\" style=\"width:60%;\"><figure class=\"vsel-image vsel-alignleft\" style=\"max-width:100%; float:none; margin-left:0; margin-right:0; box-sizing:border-box;\"><a href=\"https:\/\/galilaea-kirche.de\/en\/event\/panoptikum\/\" rel=\"bookmark\"><img decoding=\"async\" width=\"800\" height=\"1000\" src=\"https:\/\/galilaea-kirche.de\/wp-content\/uploads\/2026\/04\/Panopticum.PNG.webp\" class=\"vsel-image-img wp-post-image\" alt=\"Panopticum.PNG\" srcset=\"https:\/\/galilaea-kirche.de\/wp-content\/uploads\/2026\/04\/Panopticum.PNG.webp 800w, https:\/\/galilaea-kirche.de\/wp-content\/uploads\/2026\/04\/Panopticum.PNG-240x300.webp 240w, https:\/\/galilaea-kirche.de\/wp-content\/uploads\/2026\/04\/Panopticum.PNG-768x960.webp 768w, https:\/\/galilaea-kirche.de\/wp-content\/uploads\/2026\/04\/Panopticum.PNG-10x12.webp 10w\" sizes=\"(max-width: 800px) 100vw, 800px\" title=\"\"><\/a><\/figure><div class=\"vsel-text\"><\/div><\/div><\/div><div id=\"event-3852\" class=\"vsel-content konzert vsel-upcoming vsel-future\"><div class=\"vsel-meta vsel-alignleft\" style=\"width:36%;\"><h3 class=\"vsel-meta-title\"><a href=\"https:\/\/galilaea-kirche.de\/en\/event\/mantic-mandala\/\" rel=\"bookmark\" title=\"Mantic Mandala\">Mantic Mandala<\/a><\/h3><div class=\"vsel-meta-date vsel-meta-single-date\"><span>Sat 02.05.26<\/span><\/div><div class=\"vsel-meta-time\"><span>Beginn: 19:00 Uhr<\/span><\/div><div class=\"vsel-meta-cats\"><span><a href=\"https:\/\/galilaea-kirche.de\/en\/event_cat\/konzert\/\" rel=\"tag\">Konzert<\/a><\/span><\/div><\/div><div class=\"vsel-info vsel-alignright\" style=\"width:60%;\"><figure class=\"vsel-image vsel-alignleft\" style=\"max-width:100%; float:none; margin-left:0; margin-right:0; box-sizing:border-box;\"><a href=\"https:\/\/galilaea-kirche.de\/en\/event\/mantic-mandala\/\" rel=\"bookmark\"><img decoding=\"async\" width=\"1080\" height=\"1350\" src=\"https:\/\/galilaea-kirche.de\/wp-content\/uploads\/2026\/04\/MANTIC_2ndMAY26.jpg\" class=\"vsel-image-img wp-post-image\" alt=\"MANTIC_2ndMAY26\" srcset=\"https:\/\/galilaea-kirche.de\/wp-content\/uploads\/2026\/04\/MANTIC_2ndMAY26.jpg 1080w, https:\/\/galilaea-kirche.de\/wp-content\/uploads\/2026\/04\/MANTIC_2ndMAY26-240x300.jpg 240w, https:\/\/galilaea-kirche.de\/wp-content\/uploads\/2026\/04\/MANTIC_2ndMAY26-819x1024.jpg 819w, https:\/\/galilaea-kirche.de\/wp-content\/uploads\/2026\/04\/MANTIC_2ndMAY26-768x960.jpg 768w, https:\/\/galilaea-kirche.de\/wp-content\/uploads\/2026\/04\/MANTIC_2ndMAY26-10x12.jpg 10w\" sizes=\"(max-width: 1080px) 100vw, 1080px\" title=\"\"><\/a><\/figure><div class=\"vsel-text\"><\/div><\/div><\/div><div id=\"event-3750\" class=\"vsel-content konzert vsel-upcoming vsel-future\"><div class=\"vsel-meta vsel-alignleft\" style=\"width:36%;\"><h3 class=\"vsel-meta-title\"><a href=\"https:\/\/galilaea-kirche.de\/en\/event\/fallwander-yaelllavie\/\" rel=\"bookmark\" title=\"Fallwander &#038; Yaelllavie\">Fallwander &#038; Yaelllavie<\/a><\/h3><div class=\"vsel-meta-date vsel-meta-single-date\"><span>Sun 03.05.26<\/span><\/div><div class=\"vsel-meta-time\"><span>Beginn: 20:00 Uhr<\/span><\/div><div class=\"vsel-meta-cats\"><span><a href=\"https:\/\/galilaea-kirche.de\/en\/event_cat\/konzert\/\" rel=\"tag\">Konzert<\/a><\/span><\/div><\/div><div class=\"vsel-info vsel-alignright\" style=\"width:60%;\"><figure class=\"vsel-image vsel-alignleft\" style=\"max-width:100%; float:none; margin-left:0; margin-right:0; box-sizing:border-box;\"><a href=\"https:\/\/galilaea-kirche.de\/en\/event\/fallwander-yaelllavie\/\" rel=\"bookmark\"><img loading=\"lazy\" decoding=\"async\" width=\"1000\" height=\"1500\" src=\"https:\/\/galilaea-kirche.de\/wp-content\/uploads\/2026\/03\/Fallwander_c_Marie-Gryczka.webp\" class=\"vsel-image-img wp-post-image\" alt=\"Fallwander_c_Marie Gryczka\" srcset=\"https:\/\/galilaea-kirche.de\/wp-content\/uploads\/2026\/03\/Fallwander_c_Marie-Gryczka.webp 1000w, https:\/\/galilaea-kirche.de\/wp-content\/uploads\/2026\/03\/Fallwander_c_Marie-Gryczka-200x300.webp 200w, https:\/\/galilaea-kirche.de\/wp-content\/uploads\/2026\/03\/Fallwander_c_Marie-Gryczka-683x1024.webp 683w, https:\/\/galilaea-kirche.de\/wp-content\/uploads\/2026\/03\/Fallwander_c_Marie-Gryczka-768x1152.webp 768w, https:\/\/galilaea-kirche.de\/wp-content\/uploads\/2026\/03\/Fallwander_c_Marie-Gryczka-8x12.webp 8w\" sizes=\"(max-width: 1000px) 100vw, 1000px\" title=\"\"><\/a><\/figure><div class=\"vsel-text\"><\/div><\/div><\/div><\/div>\n\n<\/div>\n\t\t\t\t\t\t<\/div>\n\t\t\t\t<\/div>\n\t\t<div class=\"elementor-element elementor-element-4cf9db9 e-con-full e-flex e-con e-child\" data-id=\"4cf9db9\" data-element_type=\"container\" data-e-type=\"container\">\n\t\t<div class=\"elementor-element elementor-element-f919291 e-con-full e-flex e-con e-child\" data-id=\"f919291\" data-element_type=\"container\" data-e-type=\"container\">\n\t\t\t\t<div class=\"elementor-element elementor-element-763a41e elementor-widget elementor-widget-spacer\" data-id=\"763a41e\" data-element_type=\"widget\" data-e-type=\"widget\" data-widget_type=\"spacer.default\">\n\t\t\t\t<div class=\"elementor-widget-container\">\n\t\t\t\t\t\t\t<div class=\"elementor-spacer\">\n\t\t\t<div class=\"elementor-spacer-inner\"><\/div>\n\t\t<\/div>\n\t\t\t\t\t\t<\/div>\n\t\t\t\t<\/div>\n\t\t\t\t<div class=\"elementor-element elementor-element-ea2c326 elementor-widget elementor-widget-heading\" data-id=\"ea2c326\" data-element_type=\"widget\" data-e-type=\"widget\" data-widget_type=\"heading.default\">\n\t\t\t\t<div class=\"elementor-widget-container\">\n\t\t\t\t\t<h2 class=\"elementor-heading-title elementor-size-default\">Programm<\/h2>\t\t\t\t<\/div>\n\t\t\t\t<\/div>\n\t\t\t\t<\/div>\n\t\t\t\t<\/div>\n\t\t\t\t\t<\/div>\n\t\t\t\t<\/div>\n\t\t<div class=\"elementor-element elementor-element-634f842 e-flex e-con-boxed e-con e-parent\" data-id=\"634f842\" data-element_type=\"container\" data-e-type=\"container\">\n\t\t\t\t\t<div class=\"e-con-inner\">\n\t\t<div class=\"elementor-element elementor-element-b733d76 e-con-full e-flex e-con e-child\" data-id=\"b733d76\" data-element_type=\"container\" data-e-type=\"container\">\n\t\t\t\t<div class=\"elementor-element elementor-element-273f9aa elementor-widget elementor-widget-image\" data-id=\"273f9aa\" data-element_type=\"widget\" data-e-type=\"widget\" data-widget_type=\"image.default\">\n\t\t\t\t<div class=\"elementor-widget-container\">\n\t\t\t\t\t\t\t\t\t\t\t\t\t\t\t<img loading=\"lazy\" decoding=\"async\" width=\"407\" height=\"814\" src=\"https:\/\/galilaea-kirche.de\/wp-content\/uploads\/2026\/03\/galilaeakirche_fenster_synth.webp\" class=\"attachment-2048x2048 size-2048x2048 wp-image-3742\" alt=\"galilaeakirche_fenster_synth\" srcset=\"https:\/\/galilaea-kirche.de\/wp-content\/uploads\/2026\/03\/galilaeakirche_fenster_synth.webp 407w, https:\/\/galilaea-kirche.de\/wp-content\/uploads\/2026\/03\/galilaeakirche_fenster_synth-150x300.webp 150w, https:\/\/galilaea-kirche.de\/wp-content\/uploads\/2026\/03\/galilaeakirche_fenster_synth-6x12.webp 6w\" sizes=\"(max-width: 407px) 100vw, 407px\" title=\"\">\t\t\t\t\t\t\t\t\t\t\t\t\t\t\t<\/div>\n\t\t\t\t<\/div>\n\t\t\t\t<\/div>\n\t\t<div class=\"elementor-element elementor-element-232779e e-con-full e-flex e-con e-child\" data-id=\"232779e\" data-element_type=\"container\" data-e-type=\"container\">\n\t\t\t\t<div class=\"elementor-element elementor-element-3e1f69b programm-list-small elementor-widget elementor-widget-shortcode\" data-id=\"3e1f69b\" data-element_type=\"widget\" data-e-type=\"widget\" data-widget_type=\"shortcode.default\">\n\t\t\t\t<div class=\"elementor-widget-container\">\n\t\t\t\t\t\t\t<div class=\"elementor-shortcode\"><div id=\"vsel\" class=\"vsel-shortcode vsel-shortcode-upcoming-events\"><div id=\"event-3833\" class=\"vsel-content konzert vsel-upcoming vsel-future\"><div class=\"vsel-meta vsel-alignleft\" style=\"width:36%;\"><h3 class=\"vsel-meta-title\"><a href=\"https:\/\/galilaea-kirche.de\/en\/event\/panoptikum\/\" rel=\"bookmark\" title=\"Panoptikum\">Panoptikum<\/a><\/h3><div class=\"vsel-meta-date vsel-meta-single-date\"><span>Fri 01.05.26<\/span><\/div><div class=\"vsel-meta-time\"><span>Beginn: 19:00 Uhr<\/span><\/div><div class=\"vsel-meta-cats\"><span><a href=\"https:\/\/galilaea-kirche.de\/en\/event_cat\/konzert\/\" rel=\"tag\">Konzert<\/a><\/span><\/div><\/div><div class=\"vsel-info vsel-alignright\" style=\"width:60%;\"><div class=\"vsel-text\"><\/div><\/div><\/div><div id=\"event-3852\" class=\"vsel-content konzert vsel-upcoming vsel-future\"><div class=\"vsel-meta vsel-alignleft\" style=\"width:36%;\"><h3 class=\"vsel-meta-title\"><a href=\"https:\/\/galilaea-kirche.de\/en\/event\/mantic-mandala\/\" rel=\"bookmark\" title=\"Mantic Mandala\">Mantic Mandala<\/a><\/h3><div class=\"vsel-meta-date vsel-meta-single-date\"><span>Sat 02.05.26<\/span><\/div><div class=\"vsel-meta-time\"><span>Beginn: 19:00 Uhr<\/span><\/div><div class=\"vsel-meta-cats\"><span><a href=\"https:\/\/galilaea-kirche.de\/en\/event_cat\/konzert\/\" rel=\"tag\">Konzert<\/a><\/span><\/div><\/div><div class=\"vsel-info vsel-alignright\" style=\"width:60%;\"><div class=\"vsel-text\"><\/div><\/div><\/div><div id=\"event-3750\" class=\"vsel-content konzert vsel-upcoming vsel-future\"><div class=\"vsel-meta vsel-alignleft\" style=\"width:36%;\"><h3 class=\"vsel-meta-title\"><a href=\"https:\/\/galilaea-kirche.de\/en\/event\/fallwander-yaelllavie\/\" rel=\"bookmark\" title=\"Fallwander &#038; Yaelllavie\">Fallwander &#038; Yaelllavie<\/a><\/h3><div class=\"vsel-meta-date vsel-meta-single-date\"><span>Sun 03.05.26<\/span><\/div><div class=\"vsel-meta-time\"><span>Beginn: 20:00 Uhr<\/span><\/div><div class=\"vsel-meta-cats\"><span><a href=\"https:\/\/galilaea-kirche.de\/en\/event_cat\/konzert\/\" rel=\"tag\">Konzert<\/a><\/span><\/div><\/div><div class=\"vsel-info vsel-alignright\" style=\"width:60%;\"><div class=\"vsel-text\"><\/div><\/div><\/div><div id=\"event-3816\" class=\"vsel-content konzert vsel-upcoming vsel-future\"><div class=\"vsel-meta vsel-alignleft\" style=\"width:36%;\"><h3 class=\"vsel-meta-title\"><a href=\"https:\/\/galilaea-kirche.de\/en\/event\/jazzvocals-moved-das-jahreskonzert\/\" rel=\"bookmark\" title=\"JazzVocals: moved \u2013 das Jahreskonzert\">JazzVocals: moved \u2013 das Jahreskonzert<\/a><\/h3><div class=\"vsel-meta-date vsel-meta-single-date\"><span>Sat 09.05.26<\/span><\/div><div class=\"vsel-meta-time\"><span>Beginn: 19:00 Uhr<\/span><\/div><div class=\"vsel-meta-cats\"><span><a href=\"https:\/\/galilaea-kirche.de\/en\/event_cat\/konzert\/\" rel=\"tag\">Konzert<\/a><\/span><\/div><\/div><div class=\"vsel-info vsel-alignright\" style=\"width:60%;\"><div class=\"vsel-text\"><\/div><\/div><\/div><div id=\"event-3785\" class=\"vsel-content konzert vsel-upcoming vsel-future\"><div class=\"vsel-meta vsel-alignleft\" style=\"width:36%;\"><h3 class=\"vsel-meta-title\"><a href=\"https:\/\/galilaea-kirche.de\/en\/event\/reanimation-orchestra\/\" rel=\"bookmark\" title=\"Reanimation Orchestra\">Reanimation Orchestra<\/a><\/h3><div class=\"vsel-meta-date vsel-meta-single-date\"><span>Thu 14.05.26<\/span><\/div><div class=\"vsel-meta-time\"><span>Begin: 20:00 Uhr<\/span><\/div><div class=\"vsel-meta-cats\"><span><a href=\"https:\/\/galilaea-kirche.de\/en\/event_cat\/konzert\/\" rel=\"tag\">Konzert<\/a><\/span><\/div><\/div><div class=\"vsel-info vsel-alignright\" style=\"width:60%;\"><div class=\"vsel-text\"><\/div><\/div><\/div><div id=\"event-3709\" class=\"vsel-content konzert vsel-upcoming vsel-future\"><div class=\"vsel-meta vsel-alignleft\" style=\"width:36%;\"><h3 class=\"vsel-meta-title\"><a href=\"https:\/\/galilaea-kirche.de\/en\/event\/doc-schoko-gaeste-album-preview-support-mario-schulte\/\" rel=\"bookmark\" title=\"Doc Schoko &#038; G\u00e4ste &#8211; Album-Preview  support: Mario Schulte\">Doc Schoko &#038; G\u00e4ste &#8211; Album-Preview  support: Mario Schulte<\/a><\/h3><div class=\"vsel-meta-date vsel-meta-single-date\"><span>Fri 15.05.26<\/span><\/div><div class=\"vsel-meta-time\"><span>Beginn: 19:30 Uhr<\/span><\/div><div class=\"vsel-meta-cats\"><span><a href=\"https:\/\/galilaea-kirche.de\/en\/event_cat\/konzert\/\" rel=\"tag\">Konzert<\/a><\/span><\/div><\/div><div class=\"vsel-info vsel-alignright\" style=\"width:60%;\"><div class=\"vsel-text\"><\/div><\/div><\/div><div id=\"event-3789\" class=\"vsel-content konzert vsel-upcoming vsel-future\"><div class=\"vsel-meta vsel-alignleft\" style=\"width:36%;\"><h3 class=\"vsel-meta-title\"><a href=\"https:\/\/galilaea-kirche.de\/en\/event\/jd-zazie-stephanie-castonguay-solos-duo-_on-turntables\/\" rel=\"bookmark\" title=\"JD Zazie &#038; Stephanie Castonguay &#8211; SOLOS \/ DUO _on turntables\">JD Zazie &#038; Stephanie Castonguay &#8211; SOLOS \/ DUO _on turntables<\/a><\/h3><div class=\"vsel-meta-date vsel-meta-single-date\"><span>Sat 16.05.26<\/span><\/div><div class=\"vsel-meta-time\"><span>Begin: 20:00 Uhr<\/span><\/div><div class=\"vsel-meta-cats\"><span><a href=\"https:\/\/galilaea-kirche.de\/en\/event_cat\/konzert\/\" rel=\"tag\">Konzert<\/a><\/span><\/div><\/div><div class=\"vsel-info vsel-alignright\" style=\"width:60%;\"><div class=\"vsel-text\"><\/div><\/div><\/div><div id=\"event-3899\" class=\"vsel-content sonstiges vsel-upcoming vsel-future\"><div class=\"vsel-meta vsel-alignleft\" style=\"width:36%;\"><h3 class=\"vsel-meta-title\"><a href=\"https:\/\/galilaea-kirche.de\/en\/event\/kunstmarkt-in-der-galilaeakirche\/\" rel=\"bookmark\" title=\"Kunstmarkt in der Galil\u00e4akirche\">Kunstmarkt in der Galil\u00e4akirche<\/a><\/h3><div class=\"vsel-meta-date vsel-meta-single-date\"><span>Sun 17.05.26<\/span><\/div><div class=\"vsel-meta-cats\"><span><a href=\"https:\/\/galilaea-kirche.de\/en\/event_cat\/sonstiges\/\" rel=\"tag\">Sonstiges<\/a><\/span><\/div><\/div><div class=\"vsel-info vsel-alignright\" style=\"width:60%;\"><div class=\"vsel-text\"><\/div><\/div><\/div><div id=\"event-3822\" class=\"vsel-content konzert vsel-upcoming vsel-future\"><div class=\"vsel-meta vsel-alignleft\" style=\"width:36%;\"><h3 class=\"vsel-meta-title\"><a href=\"https:\/\/galilaea-kirche.de\/en\/event\/celebrate-112-years-of-sun-ra-in-space-and-102-of-marshall-allen-on-earth\/\" rel=\"bookmark\" title=\"Celebrate 112 years of Sun Ra in space and 102 of Marshall Allen on Earth\">Celebrate 112 years of Sun Ra in space and 102 of Marshall Allen on Earth<\/a><\/h3><div class=\"vsel-meta-date vsel-meta-single-date\"><span>Sat 23.05.26<\/span><\/div><div class=\"vsel-meta-time\"><span>19:24: Film, 20:01: Concert<\/span><\/div><div class=\"vsel-meta-cats\"><span><a href=\"https:\/\/galilaea-kirche.de\/en\/event_cat\/konzert\/\" rel=\"tag\">Konzert<\/a><\/span><\/div><\/div><div class=\"vsel-info vsel-alignright\" style=\"width:60%;\"><div class=\"vsel-text\"><\/div><\/div><\/div><div id=\"event-3895\" class=\"vsel-content konzert sonstiges vsel-upcoming vsel-future\"><div class=\"vsel-meta vsel-alignleft\" style=\"width:36%;\"><h3 class=\"vsel-meta-title\"><a href=\"https:\/\/galilaea-kirche.de\/en\/event\/t-a-t-v-6-temporary-autonomous-tele-vision-festival\/\" rel=\"bookmark\" title=\"T.A.T.V. #6 &#8211; Temporary Autonomous Tele Vision &#8211; Festival\">T.A.T.V. #6 &#8211; Temporary Autonomous Tele Vision &#8211; Festival<\/a><\/h3><div class=\"vsel-meta-date vsel-meta-combined-date\"><span>Fri 29.05.26<\/span> - <span>Sun 31.05.26<\/span><\/div><div class=\"vsel-meta-time\"><span>t.b.a.<\/span><\/div><div class=\"vsel-meta-cats\"><span><a href=\"https:\/\/galilaea-kirche.de\/en\/event_cat\/konzert\/\" rel=\"tag\">Konzert<\/a> | <a href=\"https:\/\/galilaea-kirche.de\/en\/event_cat\/sonstiges\/\" rel=\"tag\">Sonstiges<\/a><\/span><\/div><\/div><div class=\"vsel-info vsel-alignright\" style=\"width:60%;\"><div class=\"vsel-text\"><\/div><\/div><\/div><div class=\"vsel-nav\"><a href=\"https:\/\/galilaea-kirche.de\/en\/wp-json\/wp\/v2\/pages\/294\/page\/2\/\" class=\"vsel-next\">Next &raquo;<\/a><\/div><\/div><\/div>\n\t\t\t\t\t\t<\/div>\n\t\t\t\t<\/div>\n\t\t\t\t<div class=\"elementor-element elementor-element-c58d9e5 elementor-align-left elementor-widget elementor-widget-button\" data-id=\"c58d9e5\" data-element_type=\"widget\" data-e-type=\"widget\" data-widget_type=\"button.default\">\n\t\t\t\t<div class=\"elementor-widget-container\">\n\t\t\t\t\t\t\t\t\t<div class=\"elementor-button-wrapper\">\n\t\t\t\t\t<a class=\"elementor-button elementor-button-link elementor-size-sm\" href=\"https:\/\/galilaea-kirche.de\/programm\/\">\n\t\t\t\t\t\t<span class=\"elementor-button-content-wrapper\">\n\t\t\t\t\t\t\t\t\t<span class=\"elementor-button-text\">Mehr<\/span>\n\t\t\t\t\t<\/span>\n\t\t\t\t\t<\/a>\n\t\t\t\t<\/div>\n\t\t\t\t\t\t\t\t<\/div>\n\t\t\t\t<\/div>\n\t\t\t\t<\/div>\n\t\t\t\t\t<\/div>\n\t\t\t\t<\/div>\n\t\t\t\t<\/div>\n\t\t","protected":false},"excerpt":{"rendered":"<p>Die Galil\u00e4akirche ist ein unabh\u00e4ngiger Veranstaltungsort f\u00fcr Musik, Film, Literatur, Performance und andere k\u00fcnstlerische Aktivit\u00e4ten sowie f\u00fcr soziale und nachbarschaftliche Initiativen.\u00a0 Hier befindet sich auch das Jugend-Widerstandsmuseum, das derzeit wiederer\u00f6ffnet wird. Dar\u00fcber hinaus stellen wir K\u00fcnstler:innen und Projekten unsere Infrastruktur f\u00fcr Proben, Aufnahmen und Ausstellungen zur Verf\u00fcgung. Newsletter Abonniere unser Programm als Newsletter. N\u00e4chste Veranstaltungen [&hellip;]<\/p>\n","protected":false},"author":1,"featured_media":394,"parent":0,"menu_order":0,"comment_status":"closed","ping_status":"open","template":"elementor_theme","meta":{"_acf_changed":false,"footnotes":""},"class_list":["post-294","page","type-page","status-publish","has-post-thumbnail","hentry"],"acf":[],"_links":{"self":[{"href":"https:\/\/galilaea-kirche.de\/en\/wp-json\/wp\/v2\/pages\/294","targetHints":{"allow":["GET"]}}],"collection":[{"href":"https:\/\/galilaea-kirche.de\/en\/wp-json\/wp\/v2\/pages"}],"about":[{"href":"https:\/\/galilaea-kirche.de\/en\/wp-json\/wp\/v2\/types\/page"}],"author":[{"embeddable":true,"href":"https:\/\/galilaea-kirche.de\/en\/wp-json\/wp\/v2\/users\/1"}],"replies":[{"embeddable":true,"href":"https:\/\/galilaea-kirche.de\/en\/wp-json\/wp\/v2\/comments?post=294"}],"version-history":[{"count":438,"href":"https:\/\/galilaea-kirche.de\/en\/wp-json\/wp\/v2\/pages\/294\/revisions"}],"predecessor-version":[{"id":3745,"href":"https:\/\/galilaea-kirche.de\/en\/wp-json\/wp\/v2\/pages\/294\/revisions\/3745"}],"wp:featuredmedia":[{"embeddable":true,"href":"https:\/\/galilaea-kirche.de\/en\/wp-json\/wp\/v2\/media\/394"}],"wp:attachment":[{"href":"https:\/\/galilaea-kirche.de\/en\/wp-json\/wp\/v2\/media?parent=294"}],"curies":[{"name":"wp","href":"https:\/\/api.w.org\/{rel}","templated":true}]}}